{"id":212,"date":"2025-08-03T20:11:16","date_gmt":"2025-08-03T18:11:16","guid":{"rendered":"https:\/\/www.suoniecoloriintoscana.it\/?page_id=212"},"modified":"2025-08-05T16:59:43","modified_gmt":"2025-08-05T14:59:43","slug":"festival-suoni-e-colori-2025","status":"publish","type":"page","link":"https:\/\/www.suoniecoloriintoscana.it\/index.php\/festival-suoni-e-colori-2025\/","title":{"rendered":"FESTIVAL SUONI E COLORI 2025"},"content":{"rendered":"\n<p>Dal 31 Agosto al 14 Settembre 2025 torna uno dei festival pi\u00f9 longevi della toscana con proposte che hanno come tema l\u2019omaggio ai maestri della musica.<\/p>\n\n\n\n<p>Tra gli spettacoli, l\u2019omaggio a Ennio Morricone, Nino Rota e ai grandi compositori per il cinema da parte dell\u2019<strong>Orchestra da Camera Fiorentina<\/strong>. Il comico <strong>Sergio Sgrilli <\/strong>inuna serata dedicata a Giorgio Gaber, una serata dedicata alle canzoni e alle storie di Gino Paoli, la consolidata collaborazione con il <strong>Maggio Musicale Fiorentino<\/strong> con due serate, una dedicata alle arie d\u2019opera e l\u2019altra al racconto del genio di Mozart e soprattutto la presenza di uno dei maestri della musica italiana dagli anni 60: <strong>Don Backy<\/strong>.<\/p>\n\n\n\n<p><\/p>\n\n\n\n<h3 class=\"wp-block-heading\">Domenica 31 agosto, ore 21.15<\/h3>\n\n\n\n<p><strong>Villa il Palagio<\/strong> &#8211; Loc. il Palagio SNC, Rignano sull&#8217;Arno (FI)<\/p>\n\n\n\n<h2 class=\"wp-block-heading\"><strong><strong>MUSICA DAL GRANDE SCHERMO<\/strong><\/strong><\/h2>\n\n\n<div class=\"wp-block-image is-resized\">\n<figure class=\"alignleft size-large\"><img loading=\"lazy\" decoding=\"async\" width=\"1024\" height=\"576\" src=\"https:\/\/www.suoniecoloriintoscana.it\/wp-content\/uploads\/2025\/08\/Ennio_Morricone-19c8db53-1024x576.jpeg\" alt=\"\" class=\"wp-image-213\" srcset=\"https:\/\/www.suoniecoloriintoscana.it\/wp-content\/uploads\/2025\/08\/Ennio_Morricone-19c8db53-1024x576.jpeg 1024w, https:\/\/www.suoniecoloriintoscana.it\/wp-content\/uploads\/2025\/08\/Ennio_Morricone-19c8db53-300x169.jpeg 300w, https:\/\/www.suoniecoloriintoscana.it\/wp-content\/uploads\/2025\/08\/Ennio_Morricone-19c8db53-768x432.jpeg 768w, https:\/\/www.suoniecoloriintoscana.it\/wp-content\/uploads\/2025\/08\/Ennio_Morricone-19c8db53-1536x864.jpeg 1536w, https:\/\/www.suoniecoloriintoscana.it\/wp-content\/uploads\/2025\/08\/Ennio_Morricone-19c8db53-860x484.jpeg 860w, https:\/\/www.suoniecoloriintoscana.it\/wp-content\/uploads\/2025\/08\/Ennio_Morricone-19c8db53.jpeg 1920w\" sizes=\"auto, (max-width: 1024px) 100vw, 1024px\" \/><\/figure>\n<\/div>\n\n\n<p><strong>Orchestra da Camera Fiorentina<\/strong><\/p>\n\n\n\n<p>Diretta da<strong> Giuseppe Lanzetta<\/strong><strong><br><\/strong>Pianoforte,<strong> Fernando Diaz<br><\/strong>Tromba,<strong> Marcello Nesi<\/strong><\/p>\n\n\n\n<p>L\u2019<strong>Orchestra da Camera Fiorentina<\/strong>&nbsp;presenta&nbsp;<strong><em>Musica dal grande schermo,<\/em><\/strong>&nbsp;con brani tratti dalle colonne sonore dei film che hanno fatto la storia del cinema.&nbsp;<strong>Un omaggio musicale ad autori come Ennio Morricone e Nicola Piovani<\/strong>, due tra i pi\u00f9 importanti maestri italiani della musica da film. A dirigere l\u2019orchestra sar\u00e0 il maestro<strong>&nbsp;Giuseppe Lanzetta<\/strong>, interprete raffinato e direttore di fama internazionale. Ad affiancarlo, due solisti d\u2019eccezione: il pianista<strong>&nbsp;Fernando Diaz<\/strong>&nbsp;e il trombettista&nbsp;<strong>Marcello Nesi<\/strong>.<\/p>\n\n\n\n<p>Il programma offrir\u00e0 un viaggio emozionante tra alcune delle pi\u00f9 celebri colonne sonore che hanno segnato la storia del cinema: da&nbsp;<strong>La Vita \u00e8 Bella<\/strong>&nbsp;a&nbsp;<strong>Il Padrino,<\/strong>&nbsp;da&nbsp;<strong>Il Buono, il Brutto, il Cattivo<\/strong>&nbsp;a&nbsp;<strong>Nuovo Cinema Paradiso<\/strong>, fino a&nbsp;<strong>La Leggenda del Pianista sull\u2019Oceano<\/strong>. Un omaggio appassionato alle immagini e alle melodie che hanno accompagnato intere generazioni di spettatori, evocando emozioni senza tempo.<\/p>\n\n\n\n<div class=\"wp-block-buttons is-layout-flex wp-block-buttons-is-layout-flex\">\n<div class=\"wp-block-button\"><a class=\"wp-block-button__link wp-element-button\" href=\"https:\/\/www.ticketone.it\/event\/omaggio-a-morricone-villa-il-palagio-chiesetta-madonna-della-neve-20466634\/\" target=\"_blank\" rel=\"noreferrer noopener\"><strong>COMPRA IL BIGLIETTO<\/strong><\/a><\/div>\n<\/div>\n\n\n\n<hr class=\"wp-block-separator has-css-opacity is-style-wide\"\/>\n\n\n\n<h3 class=\"wp-block-heading\">Mercoled\u00ec 3 Settembre, ore 21,15<\/h3>\n\n\n\n<p><strong>Villa Pitiana<\/strong>, Via Provinciale per Tosi, 7, 50066 Reggello<\/p>\n\n\n\n<h2 class=\"wp-block-heading\"><strong>DON BACKY in concerto<\/strong><\/h2>\n\n\n<div class=\"wp-block-image is-resized\">\n<figure class=\"alignleft size-full\"><img loading=\"lazy\" decoding=\"async\" width=\"512\" height=\"342\" src=\"https:\/\/www.suoniecoloriintoscana.it\/wp-content\/uploads\/2025\/08\/donBacky.jpg\" alt=\"\" class=\"wp-image-214\" style=\"width:750px;height:auto\" srcset=\"https:\/\/www.suoniecoloriintoscana.it\/wp-content\/uploads\/2025\/08\/donBacky.jpg 512w, https:\/\/www.suoniecoloriintoscana.it\/wp-content\/uploads\/2025\/08\/donBacky-300x200.jpg 300w\" sizes=\"auto, (max-width: 512px) 100vw, 512px\" \/><\/figure>\n<\/div>\n\n\n<p><strong>Don Backy<\/strong>, pseudonimo di&nbsp;<strong>Aldo Caponi<\/strong>, non ha bisogno di presentazioni.<br>Si tratta di un\u2019autentica leggenda della canzone italiana.<\/p>\n\n\n\n<p>Ottant\u2019anni compiuti e uno spirito giovanissimo, l\u2019artista che ha reso immortali alcuni brani famosissimi della canzone italiana quali <em>L\u2019Immensit\u00e0<\/em> e <em>Sognando<\/em>, fa tappa al Festival Suoni e Colori per un attesissimo concerto che ripercorrer\u00e0 la sua lunga carriera<\/p>\n\n\n\n<p>Dotato di una voce graffiante, combinata ad uno stile di scrittura ricercato e&nbsp;poetico, Don Backy ha alle spalle una carriera che dura da pi\u00f9 di 60 anni. Oltre alla sua attivit\u00e0 di musicista, Don Backy si \u00e8 anche impegnato per la sua carriera da&nbsp;attore,&nbsp;scrittore&nbsp;e&nbsp;fumettista.<\/p>\n\n\n\n<p>Le sue canzoni sono state registrate in diverse lingue e da artisti di successo come&nbsp;<a href=\"https:\/\/it.wikipedia.org\/wiki\/Billie_Joe_Armstrong\">Billie Joe Armstrong<\/a>,&nbsp;<a href=\"https:\/\/it.wikipedia.org\/wiki\/Il_Volo_(gruppo_musicale_anni_2010)\">Il Volo<\/a>,&nbsp;<a href=\"https:\/\/it.wikipedia.org\/wiki\/Johnny_Dorelli\">Johnny Dorelli<\/a>,&nbsp;Mina,&nbsp;<a href=\"https:\/\/it.wikipedia.org\/wiki\/Gianna_Nannini\">Gianna Nannini<\/a>&nbsp;e molti altri.&nbsp;<\/p>\n\n\n\n<div class=\"wp-block-buttons is-layout-flex wp-block-buttons-is-layout-flex\">\n<div class=\"wp-block-button\"><a class=\"wp-block-button__link wp-element-button\" href=\"https:\/\/www.ticketone.it\/event\/don-backy-in-concerto-villa-pitiana-20466635\/\" target=\"_blank\" rel=\"noreferrer noopener\"><strong>COMPRA IL BIGLIETTO<\/strong><\/a><\/div>\n<\/div>\n\n\n\n<hr class=\"wp-block-separator has-css-opacity is-style-wide\"\/>\n\n\n\n<h3 class=\"wp-block-heading\">Venerd\u00ec 5 Settembre, ore 21.15<\/h3>\n\n\n\n<p><strong>Sala Iris<\/strong>, Piazza Ghiandelli, Cellai 50067 Rignano sull&#8217;Arno- Torre a Cona<\/p>\n\n\n\n<h2 class=\"wp-block-heading\"><strong>TRAIN DE VIE<\/strong><\/h2>\n\n\n\n<p><strong>in concerto<\/strong><\/p>\n\n\n<div class=\"wp-block-image is-resized\">\n<figure class=\"alignright size-large\"><img loading=\"lazy\" decoding=\"async\" width=\"1024\" height=\"1024\" src=\"https:\/\/www.suoniecoloriintoscana.it\/wp-content\/uploads\/2025\/08\/TDV-RIGNANO-TRIO--1024x1024.png\" alt=\"\" class=\"wp-image-215\" style=\"width:434px;height:auto\" srcset=\"https:\/\/www.suoniecoloriintoscana.it\/wp-content\/uploads\/2025\/08\/TDV-RIGNANO-TRIO--1024x1024.png 1024w, https:\/\/www.suoniecoloriintoscana.it\/wp-content\/uploads\/2025\/08\/TDV-RIGNANO-TRIO--300x300.png 300w, https:\/\/www.suoniecoloriintoscana.it\/wp-content\/uploads\/2025\/08\/TDV-RIGNANO-TRIO--150x150.png 150w, https:\/\/www.suoniecoloriintoscana.it\/wp-content\/uploads\/2025\/08\/TDV-RIGNANO-TRIO--768x768.png 768w, https:\/\/www.suoniecoloriintoscana.it\/wp-content\/uploads\/2025\/08\/TDV-RIGNANO-TRIO--860x860.png 860w, https:\/\/www.suoniecoloriintoscana.it\/wp-content\/uploads\/2025\/08\/TDV-RIGNANO-TRIO-.png 1080w\" sizes=\"auto, (max-width: 1024px) 100vw, 1024px\" \/><\/figure>\n<\/div>\n\n\n<p>I Train de Vie hanno superato i vent&#8217;anni di vita sul palco.<\/p>\n\n\n\n<p>Band fiorentina con pi\u00f9 di 500 \u201clive performance\u201d in festival, club e radio di tutta Italia e autoprodotto 4 album in studio e un live, la loro musica \u00e8 un indie folk all&#8217;italiana, e lo spettacolo che quest\u2019anno portano in giro festeggia i vent&#8217;anni di carriera della band fiorentina.<\/p>\n\n\n\n<p>Il loro stile \u00e8 sempre inconfondibile, un perfetto equilibrio di ispirazione folk e canzone d\u2019autore, un alternarsi di ballate dal sapore pi\u00f9 intimo e struggente e ritmi pi\u00f9 veloci e gioiosi. Le loro storie parlano di esperienze vissute, suggestioni di viaggi reali o nel tempo della memoria collettiva.<\/p>\n\n\n\n<p>Lo spettacolo live \u00e8 da sempre punto di forza della band, ha ritmi rock, veloci e serrati alternati a dolci ballate folk. \u00c8 cos\u00ec che i testi, ricchi di immagini evocative, si fondono con la musica per regalare un concerto coinvolgente e ricco di energia.<br><\/p>\n\n\n\n<div class=\"wp-block-buttons is-layout-flex wp-block-buttons-is-layout-flex\">\n<div class=\"wp-block-button\"><a class=\"wp-block-button__link wp-element-button\" href=\"https:\/\/www.ticketone.it\/event\/train-de-vie-in-concerto-sala-iris-20466636\/\" target=\"_blank\" rel=\"noreferrer noopener\"><strong>COMPRA IL BIGLIETTO<\/strong><\/a><\/div>\n<\/div>\n\n\n\n<hr class=\"wp-block-separator has-css-opacity is-style-wide\"\/>\n\n\n\n<h3 class=\"wp-block-heading\">Domenica 7 settembre, ore 21,15<\/h3>\n\n\n\n<p><strong>Castello di Volognano<\/strong>, Localit\u00e0 Volognano, Rignano sull&#8217;Arno<\/p>\n\n\n\n<h2 class=\"wp-block-heading\"><strong>I SEMAFORI ROSSI NON SONO DIO<\/strong><\/h2>\n\n\n\n<p><strong>Le storie di Gino Paoli<\/strong><\/p>\n\n\n\n<p>di e con <strong>Fabio Fantini<\/strong><br>con <strong>Federico Piras<\/strong> alla chitarra<\/p>\n\n\n<div class=\"wp-block-image\">\n<figure class=\"alignleft size-full is-resized\"><img loading=\"lazy\" decoding=\"async\" width=\"1000\" height=\"650\" src=\"https:\/\/www.suoniecoloriintoscana.it\/wp-content\/uploads\/2025\/08\/gino-paoli-02-1.jpg\" alt=\"\" class=\"wp-image-217\" style=\"width:502px;height:auto\" srcset=\"https:\/\/www.suoniecoloriintoscana.it\/wp-content\/uploads\/2025\/08\/gino-paoli-02-1.jpg 1000w, https:\/\/www.suoniecoloriintoscana.it\/wp-content\/uploads\/2025\/08\/gino-paoli-02-1-300x195.jpg 300w, https:\/\/www.suoniecoloriintoscana.it\/wp-content\/uploads\/2025\/08\/gino-paoli-02-1-768x499.jpg 768w, https:\/\/www.suoniecoloriintoscana.it\/wp-content\/uploads\/2025\/08\/gino-paoli-02-1-860x559.jpg 860w\" sizes=\"auto, (max-width: 1000px) 100vw, 1000px\" \/><\/figure>\n<\/div>\n\n\n<p>Un viaggio tra musica e parole alla scoperta di uno dei pi\u00f9 poetici e intensi autori della canzone italiana: Gino Paoli. Le sue canzoni hanno raccontato l\u2019amore, la vita, il disincanto e la speranza, e continuano a emozionare generazioni di ascoltatori. Un uomo che ha vissuto non una, ma cento vite, attraversando con ostinazione successi, sconfitte, passioni e momenti bui.<\/p>\n\n\n\n<p>In &#8220;<strong>I semafori rossi non sono Dio<\/strong>&#8220;, Fabio Fantini raccoglie, canta e racconta la storia di Paoli intrecciando canzoni e parole in un recital intimo ed essenziale, per sola voce e chitarra. Il testo raccoglie fatti da lui raccontati nella sua autobiografia &#8220;Cosa far\u00f2 da grande&#8221; e in tantissime interviste da lui rilasciate negli anni. Un percorso che ripercorre gli esordi degli anni \u201960 fino al presente, tra successi e insuccessi, amori e delusioni, applausi e fischi, con uno sguardo sempre ironico e un tono affettuosamente dissacrante.<\/p>\n\n\n\n<p>Il titolo dello spettacolo riprende quello di un album meno noto di Paoli, pubblicato negli anni \u201970 in un periodo di crisi artistica e personale. Un disco laterale rispetto ai suoi grandi classici, ma che nel suo titolo racchiude il carattere dell\u2019uomo e dell\u2019artista: un\u2019anima libera, caparbia, sempre pronta a prendersi la responsabilit\u00e0 delle proprie scelte, nel bene e nel male.<\/p>\n\n\n\n<p>Un omaggio intenso e appassionato a un maestro della musica italiana, per scoprire o riscoprire il suo mondo, le sue contraddizioni e la sua poesia.<\/p>\n\n\n\n<div class=\"wp-block-buttons is-layout-flex wp-block-buttons-is-layout-flex\">\n<div class=\"wp-block-button\"><a class=\"wp-block-button__link wp-element-button\" href=\"https:\/\/www.ticketone.it\/event\/i-semafori-rossi-non-sono-dio-le-storie-di-gino-paoli-castello-di-volognano-20466637\/\" target=\"_blank\" rel=\"noreferrer noopener\"><strong>COMPRA IL BIGLIETTO<\/strong><\/a><\/div>\n<\/div>\n\n\n\n<hr class=\"wp-block-separator has-css-opacity is-style-wide\"\/>\n\n\n\n<h3 class=\"wp-block-heading\">Mercoled\u00ec 10 Settembre, ore 21.15<\/h3>\n\n\n\n<p><strong>Chiesa di San Pietro in Perticaia<\/strong>, 50067 Rignano sull&#8217;Arno<\/p>\n\n\n\n<h3 class=\"wp-block-heading\"><strong>SERGIO SGRILLI <\/strong>in<br><strong>AL COSPETTO DI GABER<\/strong><\/h3>\n\n\n<div class=\"wp-block-image\">\n<figure class=\"alignleft size-large is-resized\"><img loading=\"lazy\" decoding=\"async\" width=\"1024\" height=\"576\" src=\"https:\/\/www.suoniecoloriintoscana.it\/wp-content\/uploads\/2025\/08\/588_12_Foto-Sgrilli_2_1-1024x576.jpg\" alt=\"\" class=\"wp-image-218\" style=\"width:761px;height:auto\" srcset=\"https:\/\/www.suoniecoloriintoscana.it\/wp-content\/uploads\/2025\/08\/588_12_Foto-Sgrilli_2_1-1024x576.jpg 1024w, https:\/\/www.suoniecoloriintoscana.it\/wp-content\/uploads\/2025\/08\/588_12_Foto-Sgrilli_2_1-300x169.jpg 300w, https:\/\/www.suoniecoloriintoscana.it\/wp-content\/uploads\/2025\/08\/588_12_Foto-Sgrilli_2_1-768x432.jpg 768w, https:\/\/www.suoniecoloriintoscana.it\/wp-content\/uploads\/2025\/08\/588_12_Foto-Sgrilli_2_1-1536x864.jpg 1536w, https:\/\/www.suoniecoloriintoscana.it\/wp-content\/uploads\/2025\/08\/588_12_Foto-Sgrilli_2_1-860x484.jpg 860w, https:\/\/www.suoniecoloriintoscana.it\/wp-content\/uploads\/2025\/08\/588_12_Foto-Sgrilli_2_1.jpg 1920w\" sizes=\"auto, (max-width: 1024px) 100vw, 1024px\" \/><\/figure>\n<\/div>\n\n\n<p>Sergio Sgrilli, attore comico e musicista, \u00e8 stato scelto da Sandro Luporini, storico co-autore di Giorgio Gaber, per interpretare canzoni e monologhi che compongono l\u2019ultimo spettacolo del grande maestro dal titolo \u201cLo Stallo\u201d. La preparazione avviene a Viareggio, davanti ad una scacchiera e a qualche bicchiere di vino e negli incontri Sergio cerca di carpire ricordi e aneddoti del lungo e proficuo rapporto tra i due padri del teatro-canzone, ma le risposte di Sandro alle tante domande sono sempre spiazzanti, e potrebbero essere sintetizzate in un essenziale \u201cdevi trovare il tuo Gaber\u201d. E proprio per consacrare questi momenti e questa epifania nasce \u201c<strong>Al cospetto di Gaber<\/strong>\u201d, dove Sgrilli, in una libera chiacchierata con il pubblico su Gaber, racconta di come e quando si \u00e8 scoperto essere un Gaberiano e, chitarra e voce, da un nuovo colore all\u2019intramontabile Signor G. Nella pi\u00f9 totale voglia di condivisione, con una semplice e brillante intuizione, Sgrilli<\/p>\n\n\n\n<p>arriva anche a creare il \u201cPiccolo Canzoniere Gaberiano\u201d, che viene consegnato al pubblico all\u2019ingresso, per un momento finale di partecipazione corale di puro divertimento ed empatia.<\/p>\n\n\n\n<div class=\"wp-block-buttons is-layout-flex wp-block-buttons-is-layout-flex\">\n<div class=\"wp-block-button\"><a class=\"wp-block-button__link wp-element-button\" href=\"https:\/\/www.ticketone.it\/event\/sergio-sgrilli-in-al-cospetto-di-gaber-chiesa-di-san-piero-in-perticaia-20466633\/\" target=\"_blank\" rel=\"noreferrer noopener\"><strong>COMPRA IL BIGLIETTO<\/strong><\/a><\/div>\n<\/div>\n\n\n\n<hr class=\"wp-block-separator has-css-opacity is-style-wide\"\/>\n\n\n\n<h3 class=\"wp-block-heading\">Sabato 13 Settembre, ore 21.15<\/h3>\n\n\n\n<p><strong>Torre a Cona<\/strong>, Localit\u00e0 Torre a Cona, 49, 50067 Rignano sull&#8217;Arno<\/p>\n\n\n\n<h2 class=\"wp-block-heading\"><strong><strong>THE WAM GAME<\/strong><\/strong><\/h2>\n\n\n\n<h2 class=\"wp-block-heading\"><strong>Maggio Musicale Fiorentino<\/strong><\/h2>\n\n\n\n<p>Testo e regia di<strong> Manu Lalli<br><\/strong>Una produzione<strong> Venti Lucenti<\/strong><strong><\/strong><\/p>\n\n\n<div class=\"wp-block-image\">\n<figure class=\"alignleft size-large is-resized\"><img loading=\"lazy\" decoding=\"async\" width=\"1024\" height=\"576\" src=\"https:\/\/www.suoniecoloriintoscana.it\/wp-content\/uploads\/2025\/08\/Wolfgang-Amadeus-Mozart-1-1024x576.jpg\" alt=\"\" class=\"wp-image-220\" style=\"width:440px;height:auto\" srcset=\"https:\/\/www.suoniecoloriintoscana.it\/wp-content\/uploads\/2025\/08\/Wolfgang-Amadeus-Mozart-1-1024x576.jpg 1024w, https:\/\/www.suoniecoloriintoscana.it\/wp-content\/uploads\/2025\/08\/Wolfgang-Amadeus-Mozart-1-300x169.jpg 300w, https:\/\/www.suoniecoloriintoscana.it\/wp-content\/uploads\/2025\/08\/Wolfgang-Amadeus-Mozart-1-768x432.jpg 768w, https:\/\/www.suoniecoloriintoscana.it\/wp-content\/uploads\/2025\/08\/Wolfgang-Amadeus-Mozart-1-1536x864.jpg 1536w, https:\/\/www.suoniecoloriintoscana.it\/wp-content\/uploads\/2025\/08\/Wolfgang-Amadeus-Mozart-1-860x484.jpg 860w, https:\/\/www.suoniecoloriintoscana.it\/wp-content\/uploads\/2025\/08\/Wolfgang-Amadeus-Mozart-1.jpg 1600w\" sizes=\"auto, (max-width: 1024px) 100vw, 1024px\" \/><\/figure>\n<\/div>\n\n\n<p>La vita di uno dei pi\u00f9 grandi compositori della storia raccontata attraverso la sua straordinaria musica, gli avvenimenti pi\u00f9 significativi del periodo, i personaggi che amarono e venerarono il grande musicista, oppure lo detestarono. Il pubblico sar\u00e0 coinvolto in una sarabanda di gag e accelerazioni narrative diventando di volta in volta spettatore o interprete: questa sorta di Visita Guidata nel mondo mozartiano \u00e8 condotta da quattro attori che interpretano decine di personaggi e che cambiano continuamente di costume, di ruolo, di stato. Un gioco, un divertissement ma anche un momento di riflessione sulla storia umana del geniale Amadeus, di ascolto della musica (dal vivo), ma anche ci auguriamo, un momento di \u201cdidattica\u201d dello spettatore. Poich\u00e9 anche essere \u201cspettatore attivo\u201d richiede competenze complesse: il silenzio, l\u2019attenzione, l\u2019ascolto, l\u2019immediata reazione agli stimoli, ma anche, ed \u00e8 la cosa forse pi\u00f9 importante, l\u2019acquisizione della capacit\u00e0 critica necessaria a districarsi nella miriade di stimoli della realt\u00e0 presente. La grande musica, ed \u00e8 scontato dire che quella di Mozart lo \u00e8 senz\u2019altro, ci investe con la sua potenza trasformatrice. Pu\u00f2, se siamo disposti all\u2019ascolto, spalancare le porte della nostra immaginazione ed insegnarci, speriamo, molte cose nuove.<\/p>\n\n\n\n<p>Allestimento del Teatro del Maggio Musicale Fiorentino in coproduzione con Venti Lucenti. <strong>INGRESSO GRATUITO AD OFFERTA VOLONTARIA<\/strong><\/p>\n\n\n\n<hr class=\"wp-block-separator has-css-opacity is-style-wide\"\/>\n\n\n\n<h3 class=\"wp-block-heading\">Domenica 14 settembre, ore 17<\/h3>\n\n\n\n<p><strong>Pieve di San Leolino<\/strong>, Via della Pieve, 5, 50067 Rignano sull&#8217;Arno<\/p>\n\n\n\n<h2 class=\"wp-block-heading\"><strong>Maggio Musicale Fiorentino presenta<\/strong><\/h2>\n\n\n\n<h2 class=\"wp-block-heading\"><strong>ARIE DA CAMERA<\/strong><\/h2>\n\n\n\n<p><strong>Classici da camera del Maggio Musicale Fiorentino<\/strong><\/p>\n\n\n<div class=\"wp-block-image\">\n<figure class=\"alignleft size-full\"><img loading=\"lazy\" decoding=\"async\" width=\"225\" height=\"225\" src=\"https:\/\/www.suoniecoloriintoscana.it\/wp-content\/uploads\/2025\/08\/Logo-Maggio.jpg\" alt=\"\" class=\"wp-image-221\" srcset=\"https:\/\/www.suoniecoloriintoscana.it\/wp-content\/uploads\/2025\/08\/Logo-Maggio.jpg 225w, https:\/\/www.suoniecoloriintoscana.it\/wp-content\/uploads\/2025\/08\/Logo-Maggio-150x150.jpg 150w\" sizes=\"auto, (max-width: 225px) 100vw, 225px\" \/><\/figure>\n<\/div>\n\n\n<p>Anche quest\u2019anno si rinnova la preziosa collaborazione con il Maggio Musicale Fiorentino, che porter\u00e0 al festival i migliori allievi della sua Accademia Musicale per un raffinato pomeriggio dedicato alle pi\u00f9 celebri arie da camera.<\/p>\n\n\n\n<p>Un appuntamento ormai fisso e molto atteso del Festival Suoni e Colori, che da anni arricchisce il cartellone e conferma l\u2019alto livello artistico della rassegna, offrendo al pubblico un\u2019occasione unica per ascoltare giovani talenti in un contesto di grande suggestione.<\/p>\n\n\n\n<p><strong>INGRESSO GRATUITO AD OFFERTA VOLONTARIA<\/strong><\/p>\n\n\n\n<hr class=\"wp-block-separator has-css-opacity\"\/>\n\n\n\n<p><strong>TUTTI I CONCERTI INIZIERANNO ALLE ORE 21.15<\/strong> tranne il 14\/9 alle 17.00<\/p>\n\n\n\n<p><strong>BIGLIETTI:<\/strong><br>14\u20ac INTERO<br>12\u20ac RIDOTTO (Over 65, Under 12)<br>Acquistabili in loco la sera del concerto o su www.ticketone.it e nei punti vendita Box Office Toscana.<\/p>\n\n\n\n<p><strong>PRENOTAZIONE CONSIGLIATA<\/strong><\/p>\n\n\n\n<p>Potrete prenotare i posti tramite il modulo on line sulla homepage o chiamando il 055 8347833 \u2013 055 8347820.<\/p>\n","protected":false},"excerpt":{"rendered":"<p>Dal 31 Agosto al 14 Settembre 2025 torna uno dei festival pi\u00f9 longevi della toscana con proposte che hanno come tema l\u2019omaggio ai maestri della musica. Tra gli spettacoli, l\u2019omaggio a Ennio Morricone, Nino Rota e ai grandi compositori per il cinema da parte dell\u2019Orchestra da Camera Fiorentina. Il comico Sergio Sgrilli inuna serata dedicata&hellip;<\/p>\n","protected":false},"author":1,"featured_media":209,"parent":0,"menu_order":0,"comment_status":"closed","ping_status":"closed","template":"","meta":{"footnotes":""},"class_list":["post-212","page","type-page","status-publish","has-post-thumbnail","hentry"],"_links":{"self":[{"href":"https:\/\/www.suoniecoloriintoscana.it\/index.php\/wp-json\/wp\/v2\/pages\/212","targetHints":{"allow":["GET"]}}],"collection":[{"href":"https:\/\/www.suoniecoloriintoscana.it\/index.php\/wp-json\/wp\/v2\/pages"}],"about":[{"href":"https:\/\/www.suoniecoloriintoscana.it\/index.php\/wp-json\/wp\/v2\/types\/page"}],"author":[{"embeddable":true,"href":"https:\/\/www.suoniecoloriintoscana.it\/index.php\/wp-json\/wp\/v2\/users\/1"}],"replies":[{"embeddable":true,"href":"https:\/\/www.suoniecoloriintoscana.it\/index.php\/wp-json\/wp\/v2\/comments?post=212"}],"version-history":[{"count":3,"href":"https:\/\/www.suoniecoloriintoscana.it\/index.php\/wp-json\/wp\/v2\/pages\/212\/revisions"}],"predecessor-version":[{"id":237,"href":"https:\/\/www.suoniecoloriintoscana.it\/index.php\/wp-json\/wp\/v2\/pages\/212\/revisions\/237"}],"wp:featuredmedia":[{"embeddable":true,"href":"https:\/\/www.suoniecoloriintoscana.it\/index.php\/wp-json\/wp\/v2\/media\/209"}],"wp:attachment":[{"href":"https:\/\/www.suoniecoloriintoscana.it\/index.php\/wp-json\/wp\/v2\/media?parent=212"}],"curies":[{"name":"wp","href":"https:\/\/api.w.org\/{rel}","templated":true}]}}